{"id":8419,"date":"2025-12-22T07:24:38","date_gmt":"2025-12-22T06:24:38","guid":{"rendered":"https:\/\/tanzmodernetanz.eu\/tanzmodernetanz-\/?page_id=8419"},"modified":"2026-02-13T17:21:25","modified_gmt":"2026-02-13T16:21:25","slug":"home-relaunch","status":"publish","type":"page","link":"https:\/\/tanzmodernetanz.eu\/en\/home-relaunch\/","title":{"rendered":"WELCOME TO DANCE | MODERN | DANCE"},"content":{"rendered":"\n<p class=\"is-style-text-display has-x-large-font-size is-style-text-display--1\">TANZ | MODERNE | TANZ verbindet lokale Gemeinschaften mit internationalen Tanzk\u00fcnstler*innen und -institutionen.<\/p>\n\n\n\n<p class=\"is-style-default\"><br>Gegr\u00fcndet als Initiative, die auf der Idee von Chemnitz als Stadt der Moderne basiert, verbindet TANZ | MODERNE | TANZ lokale Gemeinschaften mit internationalen Tanzk\u00fcnstlern und -institutionen. Seine Arbeit umfasst professionelle Produktionen, Performances im \u00f6ffentlichen Raum, Bildungsprogramme, Gesundheits- und Inklusionsinitiativen sowie langfristige k\u00fcnstlerische Entwicklung.<\/p>\n\n\n\n<div style=\"height:100px\" aria-hidden=\"true\" class=\"wp-block-spacer\"><\/div>\n\n\n\n<div class=\"wp-block-group alignwide has-global-padding is-layout-constrained wp-block-group-is-layout-constrained\">\n<div class=\"wp-block-columns alignwide is-layout-flex wp-container-core-columns-is-layout-d0b3c9c8 wp-block-columns-is-layout-flex\">\n<div class=\"wp-block-column is-layout-flow wp-block-column-is-layout-flow\" style=\"flex-basis:80%\">\n<div class=\"wp-block-group is-vertical is-content-justification-stretch is-layout-flex wp-container-core-group-is-layout-7e003bba wp-block-group-is-layout-flex\">\n<p><strong>TANZ | MODERNE | TANZ steht f\u00fcr&#8230;<\/strong><\/p>\n\n\n\n<h2 class=\"wp-block-heading is-style-text-display has-xx-large-font-size is-style-text-display--2 tw-block-animation tw-animation-scale-in\"><strong>Internationale <\/strong>Zusammenarbeit und kultureller Austausch<\/h2>\n\n\n\n<p class=\"is-style-text-display has-large-font-size is-style-text-display--3\">                          Zeitgen\u00f6ssischer und <strong>urbaner Tanz<\/strong> in seiner ganzen Vielfalt<\/p>\n\n\n\n<p class=\"is-style-text-display has-xx-large-font-size is-style-text-display--4 tw-block-animation tw-animation-scale-in\">  <strong>Tanz f\u00fcr alle Generationen<\/strong><\/p>\n\n\n\n<p class=\"is-style-text-display has-large-font-size is-style-text-display--5\">              Tanz als <strong>soziale<\/strong>, <strong>k\u00fcnstlerische <\/strong>und <strong>demokratische <\/strong>Praxis<\/p>\n<\/div>\n<\/div>\n\n\n\n<div class=\"wp-block-column is-layout-flow wp-block-column-is-layout-flow\" style=\"flex-basis:20%\">\n<div class=\"wp-block-group has-global-padding is-layout-constrained wp-block-group-is-layout-constrained\">\n<div  class=\"tribe-compatibility-container\" >\n\t<div\n\t\t class=\"tribe-common tribe-events tribe-events-view tribe-events-view--widget-events-list tribe-events-widget\" \t\tdata-js=\"tribe-events-view\"\n\t\tdata-view-rest-url=\"https:\/\/tanzmodernetanz.eu\/en\/wp-json\/tribe\/views\/v2\/html\"\n\t\tdata-view-manage-url=\"1\"\n\t\t\t\t\t\t\tdata-view-breakpoint-pointer=\"4d95ea20-a8a0-4942-afe8-58c29cc596e5\"\n\t\t\t>\n\t\t<div class=\"tribe-events-widget-events-list\">\n\n\t\t\t<script type=\"application\/ld+json\">\r\n[{\"@context\":\"http:\/\/schema.org\",\"@type\":\"Event\",\"name\":\"SilberTANZClub \\u2013 Opernhaus (Sa)\",\"description\":\"&lt;p&gt;Der SilberTANZClub ist ein einladendes Tanz- und Bewegungsprogramm, das \\u00e4ltere Menschen dabei unterst\\u00fctzt, aktiv, sozial verbunden und kreativ zu bleiben. Das Programm entsteht im Kontext der vielf\\u00e4ltigen Tanzinitiativen, die im [&hellip;]&lt;\/p&gt;\\\\n\",\"image\":\"https:\/\/tanzmodernetanz.eu\/wp-content\/uploads\/2026\/03\/IMG_6304.jpg\",\"url\":\"https:\/\/tanzmodernetanz.eu\/en\/veranstaltung\/silbertanzclub-opernhaus-sa-14\/\",\"eventAttendanceMode\":\"https:\/\/schema.org\/OfflineEventAttendanceMode\",\"eventStatus\":\"https:\/\/schema.org\/EventScheduled\",\"startDate\":\"2026-05-02T15:30:00+02:00\",\"endDate\":\"2026-05-02T17:00:00+02:00\",\"performer\":\"Organization\"},{\"@context\":\"http:\/\/schema.org\",\"@type\":\"Event\",\"name\":\"SilberTANZClub \\u2013 Opernhaus (Mo)\",\"description\":\"&lt;p&gt;Der SilberTANZClub ist ein einladendes Tanz- und Bewegungsprogramm, das \\u00e4ltere Menschen dabei unterst\\u00fctzt, aktiv, sozial verbunden und kreativ zu bleiben. Das Programm entsteht im Kontext der vielf\\u00e4ltigen Tanzinitiativen, die im [&hellip;]&lt;\/p&gt;\\\\n\",\"image\":\"https:\/\/tanzmodernetanz.eu\/wp-content\/uploads\/2026\/03\/Stock-Photo-TMT-5-e1773985296955.jpg\",\"url\":\"https:\/\/tanzmodernetanz.eu\/en\/veranstaltung\/silbertanzclub-opernhaus-mo-16\/\",\"eventAttendanceMode\":\"https:\/\/schema.org\/OfflineEventAttendanceMode\",\"eventStatus\":\"https:\/\/schema.org\/EventScheduled\",\"startDate\":\"2026-05-04T10:00:00+02:00\",\"endDate\":\"2026-05-04T11:30:00+02:00\",\"performer\":\"Organization\"},{\"@context\":\"http:\/\/schema.org\",\"@type\":\"Event\",\"name\":\"SilberTANZClub \\u2013 VHS (Mo)\",\"description\":\"&lt;p&gt;Der SilberTANZClub ist ein einladendes Tanz- und Bewegungsprogramm, das \\u00e4ltere Menschen dabei unterst\\u00fctzt, aktiv, sozial verbunden und kreativ zu bleiben. Das Programm entsteht im Kontext der vielf\\u00e4ltigen Tanzinitiativen, die im [&hellip;]&lt;\/p&gt;\\\\n\",\"image\":\"https:\/\/tanzmodernetanz.eu\/wp-content\/uploads\/2026\/03\/IMG_6304.jpg\",\"url\":\"https:\/\/tanzmodernetanz.eu\/en\/veranstaltung\/silbertanzclub-vhs-mo-16\/\",\"eventAttendanceMode\":\"https:\/\/schema.org\/OfflineEventAttendanceMode\",\"eventStatus\":\"https:\/\/schema.org\/EventScheduled\",\"startDate\":\"2026-05-04T12:00:00+02:00\",\"endDate\":\"2026-05-04T13:30:00+02:00\",\"performer\":\"Organization\"},{\"@context\":\"http:\/\/schema.org\",\"@type\":\"Event\",\"name\":\"SilberTANZClub \\u2013 Soul Studios (Di)\",\"description\":\"&lt;p&gt;Der SilberTANZClub ist ein einladendes Tanz- und Bewegungsprogramm, das \\u00e4ltere Menschen dabei unterst\\u00fctzt, aktiv, sozial verbunden und kreativ zu bleiben. Das Programm entsteht im Kontext der vielf\\u00e4ltigen Tanzinitiativen, die im [&hellip;]&lt;\/p&gt;\\\\n\",\"image\":\"https:\/\/tanzmodernetanz.eu\/wp-content\/uploads\/2026\/03\/WhatsApp-Image-2026-03-05-at-12.51.56.jpeg\",\"url\":\"https:\/\/tanzmodernetanz.eu\/en\/veranstaltung\/silbertanzclub-soul-studios-di-16\/\",\"eventAttendanceMode\":\"https:\/\/schema.org\/OfflineEventAttendanceMode\",\"eventStatus\":\"https:\/\/schema.org\/EventScheduled\",\"startDate\":\"2026-05-05T10:00:00+02:00\",\"endDate\":\"2026-05-05T11:30:00+02:00\",\"performer\":\"Organization\"},{\"@context\":\"http:\/\/schema.org\",\"@type\":\"Event\",\"name\":\"SilberTANZClub \\u2013 VHS (Di)\",\"description\":\"&lt;p&gt;Der SilberTANZClub ist ein einladendes Tanz- und Bewegungsprogramm, das \\u00e4ltere Menschen dabei unterst\\u00fctzt, aktiv, sozial verbunden und kreativ zu bleiben. Das Programm entsteht im Kontext der vielf\\u00e4ltigen Tanzinitiativen, die im [&hellip;]&lt;\/p&gt;\\\\n\",\"image\":\"https:\/\/tanzmodernetanz.eu\/wp-content\/uploads\/2026\/03\/IMG_6304.jpg\",\"url\":\"https:\/\/tanzmodernetanz.eu\/en\/veranstaltung\/silbertanzclub-vhs-di-16\/\",\"eventAttendanceMode\":\"https:\/\/schema.org\/OfflineEventAttendanceMode\",\"eventStatus\":\"https:\/\/schema.org\/EventScheduled\",\"startDate\":\"2026-05-05T13:30:00+02:00\",\"endDate\":\"2026-05-05T15:00:00+02:00\",\"performer\":\"Organization\"}]\r\n<\/script>\n\t\t\t<script data-js=\"tribe-events-view-data\" type=\"application\/json\">\n\t{\"slug\":\"widget-events-list\",\"prev_url\":\"\",\"next_url\":\"https:\\\/\\\/tanzmodernetanz.eu\\\/en\\\/?post_type=tribe_events&eventDisplay=widget-events-list&paged=2\",\"view_class\":\"Tribe\\\\Events\\\\Views\\\\V2\\\\Views\\\\Widgets\\\\Widget_List_View\",\"view_slug\":\"widget-events-list\",\"view_label\":\"View\",\"view\":null,\"should_manage_url\":true,\"id\":null,\"alias-slugs\":null,\"title\":\"Events from 2. May \\u2013 5. May \\u2013 TANZ | MODERNE | TANZ\",\"limit\":\"5\",\"no_upcoming_events\":false,\"featured_events_only\":false,\"jsonld_enable\":true,\"tribe_is_list_widget\":false,\"admin_fields\":{\"title\":{\"label\":\"Title:\",\"type\":\"text\",\"parent_classes\":\"\",\"classes\":\"\",\"dependency\":\"\",\"id\":\"widget-tribe-widget-events-list-3-title\",\"name\":\"widget-tribe-widget-events-list[3][title]\",\"options\":[],\"placeholder\":\"\",\"value\":null},\"limit\":{\"label\":\"Show:\",\"type\":\"number\",\"default\":5,\"min\":1,\"max\":10,\"step\":1,\"parent_classes\":\"\",\"classes\":\"\",\"dependency\":\"\",\"id\":\"widget-tribe-widget-events-list-3-limit\",\"name\":\"widget-tribe-widget-events-list[3][limit]\",\"options\":[],\"placeholder\":\"\",\"value\":null},\"no_upcoming_events\":{\"label\":\"Hide this widget if there are no upcoming events.\",\"type\":\"checkbox\",\"parent_classes\":\"\",\"classes\":\"\",\"dependency\":\"\",\"id\":\"widget-tribe-widget-events-list-3-no_upcoming_events\",\"name\":\"widget-tribe-widget-events-list[3][no_upcoming_events]\",\"options\":[],\"placeholder\":\"\",\"value\":null},\"featured_events_only\":{\"label\":\"Limit to featured events only\",\"type\":\"checkbox\",\"parent_classes\":\"\",\"classes\":\"\",\"dependency\":\"\",\"id\":\"widget-tribe-widget-events-list-3-featured_events_only\",\"name\":\"widget-tribe-widget-events-list[3][featured_events_only]\",\"options\":[],\"placeholder\":\"\",\"value\":null},\"jsonld_enable\":{\"label\":\"Generate JSON-LD data\",\"type\":\"checkbox\",\"parent_classes\":\"\",\"classes\":\"\",\"dependency\":\"\",\"id\":\"widget-tribe-widget-events-list-3-jsonld_enable\",\"name\":\"widget-tribe-widget-events-list[3][jsonld_enable]\",\"options\":[],\"placeholder\":\"\",\"value\":null}},\"events\":[11011,11012,11013,11014,11015],\"url\":\"https:\\\/\\\/tanzmodernetanz.eu\\\/en\\\/?post_type=tribe_events&eventDisplay=widget-events-list\",\"url_event_date\":false,\"bar\":{\"keyword\":\"\",\"date\":\"\"},\"today\":\"2026-05-02 00:00:00\",\"now\":\"2026-05-02 11:44:09\",\"home_url\":\"https:\\\/\\\/tanzmodernetanz.eu\\\/en\",\"rest_url\":\"https:\\\/\\\/tanzmodernetanz.eu\\\/en\\\/wp-json\\\/tribe\\\/views\\\/v2\\\/html\",\"rest_method\":\"GET\",\"rest_nonce\":\"\",\"today_url\":\"https:\\\/\\\/tanzmodernetanz.eu\\\/en\\\/?post_type=tribe_events&eventDisplay=widget-events-list&rest_route=%2Fwp%2Fv2%2Fpages%2F8419\",\"today_title\":\"Click to select today's date\",\"today_label\":\"Today\",\"prev_label\":\"\",\"next_label\":\"\",\"date_formats\":{\"compact\":\"n\\\/j\\\/Y\",\"month_and_year_compact\":\"n\\\/Y\",\"month_and_year\":\"F Y\",\"time_range_separator\":\" - \",\"date_time_separator\":\" | \"},\"messages\":[],\"start_of_week\":\"1\",\"header_title\":\"\",\"header_title_element\":\"h1\",\"content_title\":\"\",\"show_content_title\":false,\"breadcrumbs\":[],\"backlink\":false,\"before_events\":\"\",\"after_events\":\"\\n<!--\\nThis calendar is powered by The Events Calendar.\\nhttp:\\\/\\\/evnt.is\\\/18wn\\n-->\\n\",\"display_events_bar\":false,\"disable_event_search\":false,\"live_refresh\":true,\"ical\":{\"display_link\":true,\"link\":{\"url\":\"https:\\\/\\\/tanzmodernetanz.eu\\\/en\\\/?post_type=tribe_events&#038;eventDisplay=widget-events-list&#038;ical=1\",\"text\":\"Export Events\",\"title\":\"Use this to share calendar data with Google Calendar, Apple iCal and other compatible apps\"}},\"container_classes\":[\"tribe-common\",\"tribe-events\",\"tribe-events-view\",\"tribe-events-view--widget-events-list\",\"tribe-events-widget\"],\"container_data\":[],\"is_past\":false,\"breakpoints\":{\"xsmall\":500,\"medium\":768,\"full\":960},\"breakpoint_pointer\":\"4d95ea20-a8a0-4942-afe8-58c29cc596e5\",\"is_initial_load\":false,\"public_views\":{\"list\":{\"view_class\":\"Tribe\\\\Events\\\\Views\\\\V2\\\\Views\\\\List_View\",\"view_url\":\"https:\\\/\\\/tanzmodernetanz.eu\\\/en\\\/veranstaltungen\\\/(\\\/?:list|liste)\\\/\",\"view_label\":\"List\",\"aria_label\":\"Display Events in List View\"},\"month\":{\"view_class\":\"Tribe\\\\Events\\\\Views\\\\V2\\\\Views\\\\Month_View\",\"view_url\":\"https:\\\/\\\/tanzmodernetanz.eu\\\/en\\\/veranstaltungen\\\/(\\\/?:month|monat)\\\/\",\"view_label\":\"Month\",\"aria_label\":\"Display Events in Month View\"}},\"show_latest_past\":false,\"past\":false,\"compatibility_classes\":[\"tribe-compatibility-container\"],\"view_more_text\":\"View Calendar\",\"view_more_title\":\"View more events.\",\"view_more_link\":\"https:\\\/\\\/tanzmodernetanz.eu\\\/en\\\/veranstaltungen\\\/\",\"widget_title\":\"Bevorstehende Veranstaltungen\",\"hide_if_no_upcoming_events\":false,\"display\":[],\"subscribe_links\":{\"gcal\":{\"label\":\"Google Calendar\",\"single_label\":\"Add to Google Calendar\",\"visible\":true,\"block_slug\":\"hasGoogleCalendar\"},\"ical\":{\"label\":\"iCalendar\",\"single_label\":\"Add to iCalendar\",\"visible\":true,\"block_slug\":\"hasiCal\"},\"outlook-365\":{\"label\":\"Outlook 365\",\"single_label\":\"Outlook 365\",\"visible\":true,\"block_slug\":\"hasOutlook365\"},\"outlook-live\":{\"label\":\"Outlook Live\",\"single_label\":\"Outlook Live\",\"visible\":true,\"block_slug\":\"hasOutlookLive\"},\"ics\":{\"label\":\"Export .ics file\",\"single_label\":\"Export .ics file\",\"visible\":true,\"block_slug\":null},\"outlook-ics\":{\"label\":\"Export Outlook .ics file\",\"single_label\":\"Export Outlook .ics file\",\"visible\":true,\"block_slug\":null}},\"_context\":{\"slug\":\"widget-events-list\"}}<\/script>\n\n\t\t\t\t\t\t\t<header class=\"tribe-events-widget-events-list__header\">\n\t\t\t\t\t<h2 class=\"tribe-events-widget-events-list__header-title tribe-common-h6 tribe-common-h--alt\">\n\t\t\t\t\t\tBevorstehende Veranstaltungen\t\t\t\t\t<\/h2>\n\t\t\t\t<\/header>\n\t\t\t\n\t\t\t\n\t\t\t\t<div class=\"tribe-events-widget-events-list__events\">\n\t\t\t\t\t\t\t\t\t\t\t<div  class=\"tribe-common-g-row tribe-events-widget-events-list__event-row\" >\n\n\t<div class=\"tribe-events-widget-events-list__event-date-tag tribe-common-g-col\">\n\t<time class=\"tribe-events-widget-events-list__event-date-tag-datetime\" datetime=\"2026-05-02\">\n\t\t<span class=\"tribe-events-widget-events-list__event-date-tag-month\">\n\t\t\tMay\t\t<\/span>\n\t\t<span class=\"tribe-events-widget-events-list__event-date-tag-daynum tribe-common-h2 tribe-common-h4--min-medium\">\n\t\t\t2\t\t<\/span>\n\t<\/time>\n<\/div>\n\n\t<div class=\"tribe-events-widget-events-list__event-wrapper tribe-common-g-col\">\n\t\t<article  class=\"tribe-events-widget-events-list__event post-11011 tribe_events type-tribe_events status-publish has-post-thumbnail hentry\" >\n\t\t\t<div class=\"tribe-events-widget-events-list__event-details\">\n\n\t\t\t\t<header class=\"tribe-events-widget-events-list__event-header\">\n\t\t\t\t\t<div class=\"tribe-events-widget-events-list__event-datetime-wrapper tribe-common-b2 tribe-common-b3--min-medium\">\n\t\t<time class=\"tribe-events-widget-events-list__event-datetime\" datetime=\"2026-05-02\">\n\t\t<span class=\"tribe-event-date-start\">15:30 Uhr<\/span> &#8211; <span class=\"tribe-event-time\">17:00 Uhr<\/span>\t<\/time>\n\t<\/div>\n\t\t\t\t\t<h3 class=\"tribe-events-widget-events-list__event-title tribe-common-h7\">\n\t<a\n\t\thref=\"https:\/\/tanzmodernetanz.eu\/en\/veranstaltung\/silbertanzclub-opernhaus-sa-14\/\"\n\t\ttitle=\"SilberTANZClub \u2013 Opernhaus (Sa)\"\n\t\trel=\"bookmark\"\n\t\tclass=\"tribe-events-widget-events-list__event-title-link tribe-common-anchor-thin\"\n\t>\n\t\tSilberTANZClub \u2013 Opernhaus (Sa)\t<\/a>\n<\/h3>\n\t\t\t\t<\/header>\n\n\t\t\t\t\n\t\t\t<\/div>\n\t\t<\/article>\n\t<\/div>\n\n<\/div>\n\t\t\t\t\t\t\t\t\t\t\t<div  class=\"tribe-common-g-row tribe-events-widget-events-list__event-row\" >\n\n\t<div class=\"tribe-events-widget-events-list__event-date-tag tribe-common-g-col\">\n\t<time class=\"tribe-events-widget-events-list__event-date-tag-datetime\" datetime=\"2026-05-04\">\n\t\t<span class=\"tribe-events-widget-events-list__event-date-tag-month\">\n\t\t\tMay\t\t<\/span>\n\t\t<span class=\"tribe-events-widget-events-list__event-date-tag-daynum tribe-common-h2 tribe-common-h4--min-medium\">\n\t\t\t4\t\t<\/span>\n\t<\/time>\n<\/div>\n\n\t<div class=\"tribe-events-widget-events-list__event-wrapper tribe-common-g-col\">\n\t\t<article  class=\"tribe-events-widget-events-list__event post-11012 tribe_events type-tribe_events status-publish has-post-thumbnail hentry\" >\n\t\t\t<div class=\"tribe-events-widget-events-list__event-details\">\n\n\t\t\t\t<header class=\"tribe-events-widget-events-list__event-header\">\n\t\t\t\t\t<div class=\"tribe-events-widget-events-list__event-datetime-wrapper tribe-common-b2 tribe-common-b3--min-medium\">\n\t\t<time class=\"tribe-events-widget-events-list__event-datetime\" datetime=\"2026-05-04\">\n\t\t<span class=\"tribe-event-date-start\">10:00 Uhr<\/span> &#8211; <span class=\"tribe-event-time\">11:30 Uhr<\/span>\t<\/time>\n\t<\/div>\n\t\t\t\t\t<h3 class=\"tribe-events-widget-events-list__event-title tribe-common-h7\">\n\t<a\n\t\thref=\"https:\/\/tanzmodernetanz.eu\/en\/veranstaltung\/silbertanzclub-opernhaus-mo-16\/\"\n\t\ttitle=\"SilberTANZClub \u2013 Opernhaus (Mo)\"\n\t\trel=\"bookmark\"\n\t\tclass=\"tribe-events-widget-events-list__event-title-link tribe-common-anchor-thin\"\n\t>\n\t\tSilberTANZClub \u2013 Opernhaus (Mo)\t<\/a>\n<\/h3>\n\t\t\t\t<\/header>\n\n\t\t\t\t\n\t\t\t<\/div>\n\t\t<\/article>\n\t<\/div>\n\n<\/div>\n\t\t\t\t\t\t\t\t\t\t\t<div  class=\"tribe-common-g-row tribe-events-widget-events-list__event-row\" >\n\n\t<div class=\"tribe-events-widget-events-list__event-date-tag tribe-common-g-col\">\n\t<time class=\"tribe-events-widget-events-list__event-date-tag-datetime\" datetime=\"2026-05-04\">\n\t\t<span class=\"tribe-events-widget-events-list__event-date-tag-month\">\n\t\t\tMay\t\t<\/span>\n\t\t<span class=\"tribe-events-widget-events-list__event-date-tag-daynum tribe-common-h2 tribe-common-h4--min-medium\">\n\t\t\t4\t\t<\/span>\n\t<\/time>\n<\/div>\n\n\t<div class=\"tribe-events-widget-events-list__event-wrapper tribe-common-g-col\">\n\t\t<article  class=\"tribe-events-widget-events-list__event post-11013 tribe_events type-tribe_events status-publish has-post-thumbnail hentry\" >\n\t\t\t<div class=\"tribe-events-widget-events-list__event-details\">\n\n\t\t\t\t<header class=\"tribe-events-widget-events-list__event-header\">\n\t\t\t\t\t<div class=\"tribe-events-widget-events-list__event-datetime-wrapper tribe-common-b2 tribe-common-b3--min-medium\">\n\t\t<time class=\"tribe-events-widget-events-list__event-datetime\" datetime=\"2026-05-04\">\n\t\t<span class=\"tribe-event-date-start\">12:00 Uhr<\/span> &#8211; <span class=\"tribe-event-time\">13:30 Uhr<\/span>\t<\/time>\n\t<\/div>\n\t\t\t\t\t<h3 class=\"tribe-events-widget-events-list__event-title tribe-common-h7\">\n\t<a\n\t\thref=\"https:\/\/tanzmodernetanz.eu\/en\/veranstaltung\/silbertanzclub-vhs-mo-16\/\"\n\t\ttitle=\"SilberTANZClub \u2013 VHS (Mo)\"\n\t\trel=\"bookmark\"\n\t\tclass=\"tribe-events-widget-events-list__event-title-link tribe-common-anchor-thin\"\n\t>\n\t\tSilberTANZClub \u2013 VHS (Mo)\t<\/a>\n<\/h3>\n\t\t\t\t<\/header>\n\n\t\t\t\t\n\t\t\t<\/div>\n\t\t<\/article>\n\t<\/div>\n\n<\/div>\n\t\t\t\t\t\t\t\t\t\t\t<div  class=\"tribe-common-g-row tribe-events-widget-events-list__event-row\" >\n\n\t<div class=\"tribe-events-widget-events-list__event-date-tag tribe-common-g-col\">\n\t<time class=\"tribe-events-widget-events-list__event-date-tag-datetime\" datetime=\"2026-05-05\">\n\t\t<span class=\"tribe-events-widget-events-list__event-date-tag-month\">\n\t\t\tMay\t\t<\/span>\n\t\t<span class=\"tribe-events-widget-events-list__event-date-tag-daynum tribe-common-h2 tribe-common-h4--min-medium\">\n\t\t\t5\t\t<\/span>\n\t<\/time>\n<\/div>\n\n\t<div class=\"tribe-events-widget-events-list__event-wrapper tribe-common-g-col\">\n\t\t<article  class=\"tribe-events-widget-events-list__event post-11014 tribe_events type-tribe_events status-publish has-post-thumbnail hentry\" >\n\t\t\t<div class=\"tribe-events-widget-events-list__event-details\">\n\n\t\t\t\t<header class=\"tribe-events-widget-events-list__event-header\">\n\t\t\t\t\t<div class=\"tribe-events-widget-events-list__event-datetime-wrapper tribe-common-b2 tribe-common-b3--min-medium\">\n\t\t<time class=\"tribe-events-widget-events-list__event-datetime\" datetime=\"2026-05-05\">\n\t\t<span class=\"tribe-event-date-start\">10:00 Uhr<\/span> &#8211; <span class=\"tribe-event-time\">11:30 Uhr<\/span>\t<\/time>\n\t<\/div>\n\t\t\t\t\t<h3 class=\"tribe-events-widget-events-list__event-title tribe-common-h7\">\n\t<a\n\t\thref=\"https:\/\/tanzmodernetanz.eu\/en\/veranstaltung\/silbertanzclub-soul-studios-di-16\/\"\n\t\ttitle=\"SilberTANZClub \u2013 Soul Studios (Di)\"\n\t\trel=\"bookmark\"\n\t\tclass=\"tribe-events-widget-events-list__event-title-link tribe-common-anchor-thin\"\n\t>\n\t\tSilberTANZClub \u2013 Soul Studios (Di)\t<\/a>\n<\/h3>\n\t\t\t\t<\/header>\n\n\t\t\t\t\n\t\t\t<\/div>\n\t\t<\/article>\n\t<\/div>\n\n<\/div>\n\t\t\t\t\t\t\t\t\t\t\t<div  class=\"tribe-common-g-row tribe-events-widget-events-list__event-row\" >\n\n\t<div class=\"tribe-events-widget-events-list__event-date-tag tribe-common-g-col\">\n\t<time class=\"tribe-events-widget-events-list__event-date-tag-datetime\" datetime=\"2026-05-05\">\n\t\t<span class=\"tribe-events-widget-events-list__event-date-tag-month\">\n\t\t\tMay\t\t<\/span>\n\t\t<span class=\"tribe-events-widget-events-list__event-date-tag-daynum tribe-common-h2 tribe-common-h4--min-medium\">\n\t\t\t5\t\t<\/span>\n\t<\/time>\n<\/div>\n\n\t<div class=\"tribe-events-widget-events-list__event-wrapper tribe-common-g-col\">\n\t\t<article  class=\"tribe-events-widget-events-list__event post-11015 tribe_events type-tribe_events status-publish has-post-thumbnail hentry\" >\n\t\t\t<div class=\"tribe-events-widget-events-list__event-details\">\n\n\t\t\t\t<header class=\"tribe-events-widget-events-list__event-header\">\n\t\t\t\t\t<div class=\"tribe-events-widget-events-list__event-datetime-wrapper tribe-common-b2 tribe-common-b3--min-medium\">\n\t\t<time class=\"tribe-events-widget-events-list__event-datetime\" datetime=\"2026-05-05\">\n\t\t<span class=\"tribe-event-date-start\">13:30 Uhr<\/span> &#8211; <span class=\"tribe-event-time\">15:00 Uhr<\/span>\t<\/time>\n\t<\/div>\n\t\t\t\t\t<h3 class=\"tribe-events-widget-events-list__event-title tribe-common-h7\">\n\t<a\n\t\thref=\"https:\/\/tanzmodernetanz.eu\/en\/veranstaltung\/silbertanzclub-vhs-di-16\/\"\n\t\ttitle=\"SilberTANZClub \u2013 VHS (Di)\"\n\t\trel=\"bookmark\"\n\t\tclass=\"tribe-events-widget-events-list__event-title-link tribe-common-anchor-thin\"\n\t>\n\t\tSilberTANZClub \u2013 VHS (Di)\t<\/a>\n<\/h3>\n\t\t\t\t<\/header>\n\n\t\t\t\t\n\t\t\t<\/div>\n\t\t<\/article>\n\t<\/div>\n\n<\/div>\n\t\t\t\t\t\t\t\t\t<\/div>\n\n\t\t\t\t<div class=\"tribe-events-widget-events-list__view-more tribe-common-b1 tribe-common-b2--min-medium\">\n\t<a\n\t\thref=\"https:\/\/tanzmodernetanz.eu\/en\/veranstaltungen\/\"\n\t\tclass=\"tribe-events-widget-events-list__view-more-link tribe-common-anchor-thin\"\n\t\ttitle=\"View more events.\"\n\t>\n\t\tView Calendar\t<\/a>\n<\/div>\n\n\t\t\t\t\t<\/div>\n\t<\/div>\n<\/div>\n<script data-js='tribe-events-view-nonce-data' type='application\/json'>{\"tvn1\":\"551fee006b\",\"tvn2\":\"\"}<\/script>\n<\/div>\n<\/div>\n<\/div>\n<\/div>\n\n\n\n<div style=\"height:100px\" aria-hidden=\"true\" class=\"wp-block-spacer\"><\/div>\n\n\n\n<div class=\"wp-block-columns alignwide is-style-section-2 is-layout-flex wp-container-core-columns-is-layout-64d06920 wp-block-columns-is-layout-flex is-style-section-2--6\" style=\"padding-top:0;padding-bottom:0\">\n<div class=\"wp-block-column is-layout-flow wp-block-column-is-layout-flow\" style=\"flex-basis:80.8%\">\n<div class=\"wp-block-group is-vertical is-content-justification-stretch is-layout-flex wp-container-core-group-is-layout-098fff0a wp-block-group-is-layout-flex tw-block-animation tw-animation-scale-in\" style=\"--tw-animation-delay:0.3s;min-height:33vh;padding-top:var(--wp--preset--spacing--50);padding-right:var(--wp--preset--spacing--50);padding-bottom:var(--wp--preset--spacing--50);padding-left:var(--wp--preset--spacing--50)\">\n<h2 class=\"wp-block-heading has-xx-large-font-size\"><a href=\"#\">WAS WIR MACHEN<\/a><\/h2>\n\n\n\n<p>TANZ | MODERNE | TANZ entwickelt, pr\u00e4sentiert und f\u00f6rdert zeitgen\u00f6ssischen und urbanen Tanz in Chemnitz und dar\u00fcber hinaus.Wir arbeiten an der Schnittstelle von k\u00fcnstlerischem Schaffensprozess, internationalem Austausch, Bildung, Gesundheit und gesellschaftlicher Teilhabe. Unsere Aktivit\u00e4ten bringen professionelle K\u00fcnstler*innen, lokale Gemeinschaften und internationale Partner*innen zusammen.<\/p>\n\n\n\n<p>Durch Auff\u00fchrungen, Festivals, Residenzen, Workshops und inklusive Programme schaffen wir R\u00e4ume f\u00fcr k\u00fcnstlerische Forschung, Lernen, Dialog und soziale Verbindung.<\/p>\n<\/div>\n<\/div>\n\n\n\n<div class=\"wp-block-column is-layout-flow wp-block-column-is-layout-flow\" style=\"flex-basis:50%\">\n<div class=\"wp-block-cover aligncenter is-light has-custom-content-position is-position-bottom-right wp-container-content-69bc4bdf has-aspect-ratio\" style=\"border-top-left-radius:3px;border-top-right-radius:3px;border-bottom-left-radius:3px;border-bottom-right-radius:3px;margin-top:0;margin-bottom:0;padding-top:var(--wp--preset--spacing--20);padding-right:var(--wp--preset--spacing--30);padding-bottom:var(--wp--preset--spacing--20);padding-left:var(--wp--preset--spacing--30);box-shadow:var(--wp--preset--shadow--natural);aspect-ratio:1;min-height:unset;\"><img loading=\"lazy\" decoding=\"async\" width=\"1024\" height=\"576\" sizes=\"auto, (max-width: 799px) 125vw, (max-width: 2560px) 100vw, 2560px\" class=\"wp-block-cover__image-background wp-image-4275 size-large\" alt=\"\" src=\"https:\/\/tanzmodernetanz.eu\/wp-content\/uploads\/2022\/05\/FLY_006-1024x576.jpg\" data-object-fit=\"cover\" srcset=\"https:\/\/tanzmodernetanz.eu\/wp-content\/uploads\/2022\/05\/FLY_006-1024x576.jpg 1024w, https:\/\/tanzmodernetanz.eu\/wp-content\/uploads\/2022\/05\/FLY_006-300x169.jpg 300w, https:\/\/tanzmodernetanz.eu\/wp-content\/uploads\/2022\/05\/FLY_006-768x432.jpg 768w, https:\/\/tanzmodernetanz.eu\/wp-content\/uploads\/2022\/05\/FLY_006-1536x864.jpg 1536w, https:\/\/tanzmodernetanz.eu\/wp-content\/uploads\/2022\/05\/FLY_006-2048x1152.jpg 2048w, https:\/\/tanzmodernetanz.eu\/wp-content\/uploads\/2022\/05\/FLY_006-1568x882.jpg 1568w\" \/><span aria-hidden=\"true\" class=\"wp-block-cover__background has-contrast-background-color has-background-dim-0 has-background-dim\"><\/span><div class=\"wp-block-cover__inner-container is-layout-flow wp-container-core-cover-is-layout-093441dd wp-block-cover-is-layout-flow\">\n<p class=\"has-text-align-center has-base-color has-text-color has-link-color has-small-font-size wp-elements-3103b6e0faf51d312b4444068dc24d94\">\u00a9 FLY<\/p>\n<\/div><\/div>\n<\/div>\n<\/div>\n\n\n\n<div style=\"height:100px\" aria-hidden=\"true\" class=\"wp-block-spacer\"><\/div>\n\n\n\n<h2 class=\"wp-block-heading\">Unsere Arbeit umfasst:<\/h2>\n\n\n\n<ol class=\"wp-block-list\">\n<li>K\u00fcnstlerisches Schaffen und Pr\u00e4sentation durch das j\u00e4hrliche TANZ | MODERNE | TANZ Festival sowie kuratierte Veranstaltungsformate<\/li>\n\n\n\n<li>Internationaler Austausch und Residenzen zur Unterst\u00fctzung von Forschung, Produktion und langfristiger k\u00fcnstlerischer Entwicklung<\/li>\n\n\n\n<li>Bildung und Workshops f\u00fcr Fachleute, Nachwuchsk\u00fcnstler*innen und interessiertes Publikum Gemeinschafts- und gesundheitsorientierte Programme f\u00fcr alle Generationen, die Zugang, Inklusion und Teilhabe f\u00f6rdern<\/li>\n\n\n\n<li>Institutionelle Entwicklung durch das TANZ | MODERNE | TANZ Zentrum als langfristige Heimat f\u00fcr zeitgen\u00f6ssischen Tanz<\/li>\n<\/ol>\n\n\n\n<div class=\"wp-block-columns is-layout-flex wp-container-core-columns-is-layout-d0b3c9c8 wp-block-columns-is-layout-flex\">\n<div class=\"wp-block-column is-layout-flow wp-block-column-is-layout-flow\" style=\"flex-basis:66.66%\"><\/div>\n\n\n\n<div class=\"wp-block-column is-layout-flow wp-block-column-is-layout-flow\" style=\"flex-basis:33.33%\"><\/div>\n<\/div>\n\n\n\n<div class=\"wp-block-group alignfull has-global-padding is-layout-constrained wp-block-group-is-layout-constrained\" style=\"margin-top:0;margin-bottom:0;padding-top:var(--wp--preset--spacing--60);padding-bottom:var(--wp--preset--spacing--60)\"><\/div>\n\n\n\n<aside class=\"wp-block-group alignfull is-style-section-4 has-global-padding is-layout-constrained wp-container-core-group-is-layout-f0f2a97b wp-block-group-is-layout-constrained is-style-section-4--7\" style=\"margin-top:0;margin-bottom:0;padding-top:var(--wp--preset--spacing--50);padding-right:var(--wp--preset--spacing--50);padding-bottom:var(--wp--preset--spacing--50);padding-left:var(--wp--preset--spacing--50)\">\n<div class=\"wp-block-group is-vertical is-content-justification-center is-layout-flex wp-container-core-group-is-layout-8778ca4a wp-block-group-is-layout-flex\" style=\"min-height:360px;margin-top:0;margin-bottom:0\">\n<p class=\"has-text-align-center is-style-text-display has-accent-5-color has-text-color has-link-color has-x-large-font-size wp-elements-7711f4ab74bd282eb25a70c603d17882 is-style-text-display--8\"><strong>TANZ | MODERNE | TANZ<\/strong> versteht Tanz als eine k\u00fcnstlerische, soziale und demokratische Praxis, die Menschen \u00fcber Kulturen, Generationen und Erfahrungen hinweg verbindet.<\/p>\n\n\n\n<div style=\"height:0px\" aria-hidden=\"true\" class=\"wp-block-spacer wp-container-content-62aae154\"><\/div>\n\n\n\n<div class=\"wp-block-buttons is-content-justification-center is-layout-flex wp-container-core-buttons-is-layout-a89b3969 wp-block-buttons-is-layout-flex\">\n<div class=\"wp-block-button\"><a class=\"wp-block-button__link has-accent-5-color has-text-color has-link-color has-text-align-center wp-element-button\" href=\"https:\/\/tanzmodernetanz.eu\/?post_type=tribe_events\"><strong>Kalender\/ Events<\/strong><\/a><\/div>\n\n\n\n<div class=\"wp-block-button\"><a class=\"wp-block-button__link has-accent-5-color has-text-color has-link-color has-text-align-center wp-element-button\" href=\"https:\/\/tanzmodernetanz.eu\/spende\/\"><strong>Unterst\u00fctze uns!<\/strong><\/a><\/div>\n<\/div>\n<\/div>\n<\/aside>\n\n\n\n<div class=\"wp-block-group alignfull is-style-default has-global-padding is-layout-constrained wp-block-group-is-layout-constrained\" style=\"margin-top:0;margin-bottom:0;padding-top:var(--wp--preset--spacing--80);padding-bottom:var(--wp--preset--spacing--80)\">\n<figure class=\"wp-block-gallery aligncenter has-nested-images columns-default wp-block-gallery-9 is-layout-flex wp-block-gallery-is-layout-flex\">\n<figure class=\"wp-block-image size-full\" style=\"margin-top:var(--wp--preset--spacing--20);margin-bottom:var(--wp--preset--spacing--20)\"><img loading=\"lazy\" decoding=\"async\" width=\"274\" height=\"62\" data-id=\"8732\" src=\"https:\/\/tanzmodernetanz.eu\/wp-content\/uploads\/2025\/12\/LOGO_TANZPAKT.png\" alt=\"\" class=\"wp-image-8732\"\/><\/figure>\n\n\n\n<figure class=\"wp-block-image size-large\"><img loading=\"lazy\" decoding=\"async\" width=\"1024\" height=\"436\" data-id=\"8733\" src=\"https:\/\/tanzmodernetanz.eu\/wp-content\/uploads\/2025\/12\/LOGO_BKM-1024x436.png\" alt=\"\" class=\"wp-image-8733\" srcset=\"https:\/\/tanzmodernetanz.eu\/wp-content\/uploads\/2025\/12\/LOGO_BKM-1024x436.png 1024w, https:\/\/tanzmodernetanz.eu\/wp-content\/uploads\/2025\/12\/LOGO_BKM-300x128.png 300w, https:\/\/tanzmodernetanz.eu\/wp-content\/uploads\/2025\/12\/LOGO_BKM-768x327.png 768w, https:\/\/tanzmodernetanz.eu\/wp-content\/uploads\/2025\/12\/LOGO_BKM-1536x653.png 1536w, https:\/\/tanzmodernetanz.eu\/wp-content\/uploads\/2025\/12\/LOGO_BKM.png 1956w\" sizes=\"auto, (max-width: 1024px) 100vw, 1024px\" \/><\/figure>\n<\/figure>\n\n\n\n<h2 class=\"wp-block-heading has-accent-4-color has-text-color has-link-color has-x-large-font-size wp-elements-1cbf6e067c49d7f7684e893592ee1b45\">Gef\u00f6rdert von TANZPAKT Stadt-Land-Bund aus Mitteln des Beauftragten der Bundesregierung f\u00fcr Kultur und Medien.<\/h2>\n\n\n\n<p class=\"has-accent-4-color has-text-color has-link-color wp-elements-938d64552e5991f322dd41382a064a5b\"><br><em>Funded by TANZPAKT Stadt-Land-Bund with the support of the German Federal Government Commissioner for Culture and the Media.<\/em><\/p>\n<\/div>\n\n\n\n<div class=\"wp-block-group alignfull is-layout-flow wp-container-core-group-is-layout-f9cb6abc wp-block-group-is-layout-flow\" style=\"margin-top:0;margin-bottom:0\"><\/div>\n","protected":false},"excerpt":{"rendered":"<p>TANZ | MODERNE | TANZ verbindet lokale Gemeinschaften mit internationalen Tanzk\u00fcnstler*innen und -institutionen. Gegr\u00fcndet als Initiative, die auf der Idee von Chemnitz als Stadt der Moderne basiert, verbindet TANZ | [&hellip;]<\/p>\n","protected":false},"author":4,"featured_media":8823,"parent":0,"menu_order":0,"comment_status":"closed","ping_status":"closed","template":"startseite-mit-seitenleiste","meta":{"_EventAllDay":false,"_EventTimezone":"","_EventStartDate":"","_EventEndDate":"","_EventStartDateUTC":"","_EventEndDateUTC":"","_EventShowMap":false,"_EventShowMapLink":false,"_EventURL":"","_EventCost":"","_EventCostDescription":"","_EventCurrencySymbol":"","_EventCurrencyCode":"","_EventCurrencyPosition":"","_EventDateTimeSeparator":"","_EventTimeRangeSeparator":"","_EventOrganizerID":[],"_EventVenueID":[],"_OrganizerEmail":"","_OrganizerPhone":"","_OrganizerWebsite":"","_VenueAddress":"","_VenueCity":"","_VenueCountry":"","_VenueProvince":"","_VenueState":"","_VenueZip":"","_VenuePhone":"","_VenueURL":"","_VenueStateProvince":"","_VenueLat":"","_VenueLng":"","_VenueShowMap":false,"_VenueShowMapLink":false,"footnotes":""},"class_list":["post-8419","page","type-page","status-publish","has-post-thumbnail","hentry"],"_links":{"self":[{"href":"https:\/\/tanzmodernetanz.eu\/en\/wp-json\/wp\/v2\/pages\/8419","targetHints":{"allow":["GET"]}}],"collection":[{"href":"https:\/\/tanzmodernetanz.eu\/en\/wp-json\/wp\/v2\/pages"}],"about":[{"href":"https:\/\/tanzmodernetanz.eu\/en\/wp-json\/wp\/v2\/types\/page"}],"author":[{"embeddable":true,"href":"https:\/\/tanzmodernetanz.eu\/en\/wp-json\/wp\/v2\/users\/4"}],"replies":[{"embeddable":true,"href":"https:\/\/tanzmodernetanz.eu\/en\/wp-json\/wp\/v2\/comments?post=8419"}],"version-history":[{"count":88,"href":"https:\/\/tanzmodernetanz.eu\/en\/wp-json\/wp\/v2\/pages\/8419\/revisions"}],"predecessor-version":[{"id":10277,"href":"https:\/\/tanzmodernetanz.eu\/en\/wp-json\/wp\/v2\/pages\/8419\/revisions\/10277"}],"wp:featuredmedia":[{"embeddable":true,"href":"https:\/\/tanzmodernetanz.eu\/en\/wp-json\/wp\/v2\/media\/8823"}],"wp:attachment":[{"href":"https:\/\/tanzmodernetanz.eu\/en\/wp-json\/wp\/v2\/media?parent=8419"}],"curies":[{"name":"wp","href":"https:\/\/api.w.org\/{rel}","templated":true}]}}