{"id":7768,"date":"2025-04-07T19:00:45","date_gmt":"2025-04-07T17:00:45","guid":{"rendered":"https:\/\/tanzmodernetanz.eu\/?post_type=tribe_events&#038;p=7768"},"modified":"2025-05-05T12:56:25","modified_gmt":"2025-05-05T10:56:25","slug":"call-alice-temporary-collective-cz","status":"publish","type":"tribe_events","link":"https:\/\/tanzmodernetanz.eu\/en\/veranstaltung\/call-alice-temporary-collective-cz\/","title":{"rendered":"CALL ALICE - TEMPORARY COLLECTIVE (CZ)"},"content":{"rendered":"<p>[:de]Entstanden w\u00e4hrend der Pandemie, verbindet die Auff\u00fchrung zwei Frauen, beide T\u00e4nzerinnen, beide im gleichen Alter und mit bemerkenswerter k\u00f6rperlicher \u00c4hnlichkeit. Tereza Ondrov\u00e1 aus Tschechien und Francesca Foscarini aus Italien haben zun\u00e4chst keine Ahnung voneinander und von ihrer Doppelg\u00e4ngerschaft, aber sie kommen in Kontakt und es entsteht in intimen Gespr\u00e4chen und gemeinsamen Proben \u00fcber Zoom eine Entdeckungsreise zur Verbundenheit von Menschen, die auch Themen ber\u00fchrt wie die weibliche Psyche und ihre Ver\u00e4nderungen, Einsamkeit, Verletzlichkeit. Ein starkes Duett, das der Frage nachgeht: Was bringt uns dazu, uns mit anderen und uns selbst zu identifi zieren und zu verbinden?<\/p>\n<p><strong>Autorin<\/strong>: Tereza Ondrov\u00e1<br \/>\n<strong>Es tanzen:<\/strong> Tereza Ondrov\u00e1, Francesca Foscarini<br \/>\n<strong>Lichtgestaltung<\/strong>: Katarina Mor\u00e1vek \u010euricov\u00e1<br \/>\n<strong>Tongestaltung<\/strong>: Jan \u010ctvrtn\u00edk<br \/>\n<strong>Produktion<\/strong>: Daniela \u0158eh\u00e1kov\u00e1<br \/>\n<strong>Koproduktion<\/strong>: Tanec Praha z.\u00fa. \/ Festspiele TANEC PRAHA<br \/>\n<strong>Unterst\u00fctzt von:<\/strong> Ministerium f\u00fcr Kultur der Tschechischen Republik, Staatlicher Kulturfonds<br \/>\nder Tschechischen Republik, Stadt Prag, Studio ALTA<br \/>\n<strong>Dauer<\/strong>: 60 Minuten<\/p>\n<p>Kartenvorbestellung unter <strong>tickets@taupunkt-chemnitz.de<\/strong>.<\/p>\n<p><strong>Bild:<\/strong> \u00a9Vojt\u011bch Brtnick\u00fd<\/p>\n<p><img loading=\"lazy\" decoding=\"async\" class=\"alignnone wp-image-7593\" src=\"https:\/\/tanzmodernetanz.eu\/wp-content\/uploads\/2024\/12\/Logo-04.png\" alt=\"\" width=\"207\" height=\"83\" srcset=\"https:\/\/tanzmodernetanz.eu\/wp-content\/uploads\/2024\/12\/Logo-04.png 1000w, https:\/\/tanzmodernetanz.eu\/wp-content\/uploads\/2024\/12\/Logo-04-300x120.png 300w, https:\/\/tanzmodernetanz.eu\/wp-content\/uploads\/2024\/12\/Logo-04-768x307.png 768w, https:\/\/tanzmodernetanz.eu\/wp-content\/uploads\/2024\/12\/Logo-04-230x92.png 230w, https:\/\/tanzmodernetanz.eu\/wp-content\/uploads\/2024\/12\/Logo-04-350x140.png 350w, https:\/\/tanzmodernetanz.eu\/wp-content\/uploads\/2024\/12\/Logo-04-480x192.png 480w\" sizes=\"auto, (max-width: 207px) 100vw, 207px\" \/><img loading=\"lazy\" decoding=\"async\" class=\"alignnone wp-image-8008\" src=\"https:\/\/tanzmodernetanz.eu\/wp-content\/uploads\/2025\/04\/TMT-Logo-2.png\" alt=\"\" width=\"141\" height=\"80\" srcset=\"https:\/\/tanzmodernetanz.eu\/wp-content\/uploads\/2025\/04\/TMT-Logo-2.png 376w, https:\/\/tanzmodernetanz.eu\/wp-content\/uploads\/2025\/04\/TMT-Logo-2-300x171.png 300w, https:\/\/tanzmodernetanz.eu\/wp-content\/uploads\/2025\/04\/TMT-Logo-2-230x131.png 230w, https:\/\/tanzmodernetanz.eu\/wp-content\/uploads\/2025\/04\/TMT-Logo-2-350x199.png 350w\" sizes=\"auto, (max-width: 141px) 100vw, 141px\" \/><\/p>\n<p id=\"block-ac832cf3-445e-40be-a128-67c0a5cad4d0\"><em>Das TANZ | MODERNE | TANZ internationales Festival f\u00fcr zeitgen\u00f6ssischen Tanz 2025 ist\u00a0<strong>Programmpartner von Chemnitz 2025<\/strong>.<\/em><\/p>\n<p><em>Ein Projekt im Rahmen der Kulturhauptstadt Europas Chemnitz 2025. Diese Ma\u00dfnahme wird mitfinanziert durch Steuermittel auf der Grundlage des vom S\u00e4chsischen Landtag beschlossenen Haushaltes und durch Bundesmittel der\u00a0<a href=\"http:\/\/www.kulturstaatsministerin.de\/\">Beauftragten der Bundesregierung f\u00fcr Kultur und Medien.<\/a><\/em><\/p>\n<p><img loading=\"lazy\" decoding=\"async\" class=\"alignnone wp-image-7606\" src=\"https:\/\/tanzmodernetanz.eu\/wp-content\/uploads\/2025\/01\/Logos-Chemnitz2025-2.png\" alt=\"\" width=\"537\" height=\"161\" srcset=\"https:\/\/tanzmodernetanz.eu\/wp-content\/uploads\/2025\/01\/Logos-Chemnitz2025-2.png 5100w, https:\/\/tanzmodernetanz.eu\/wp-content\/uploads\/2025\/01\/Logos-Chemnitz2025-2-300x90.png 300w, https:\/\/tanzmodernetanz.eu\/wp-content\/uploads\/2025\/01\/Logos-Chemnitz2025-2-1024x307.png 1024w, https:\/\/tanzmodernetanz.eu\/wp-content\/uploads\/2025\/01\/Logos-Chemnitz2025-2-768x230.png 768w, https:\/\/tanzmodernetanz.eu\/wp-content\/uploads\/2025\/01\/Logos-Chemnitz2025-2-1536x461.png 1536w, https:\/\/tanzmodernetanz.eu\/wp-content\/uploads\/2025\/01\/Logos-Chemnitz2025-2-2048x614.png 2048w, https:\/\/tanzmodernetanz.eu\/wp-content\/uploads\/2025\/01\/Logos-Chemnitz2025-2-1000x300.png 1000w, https:\/\/tanzmodernetanz.eu\/wp-content\/uploads\/2025\/01\/Logos-Chemnitz2025-2-230x69.png 230w, https:\/\/tanzmodernetanz.eu\/wp-content\/uploads\/2025\/01\/Logos-Chemnitz2025-2-350x105.png 350w, https:\/\/tanzmodernetanz.eu\/wp-content\/uploads\/2025\/01\/Logos-Chemnitz2025-2-480x144.png 480w\" sizes=\"auto, (max-width: 537px) 100vw, 537px\" \/>[:en]<span style=\"font-weight: 400;\">Created during the pandemic, the performance connects two women, both dancers, who are the same age and share remarkable physical similarities. Tereza Ondrov\u00e1 from the Czech Republic and Francesca Foscarini from Italy initially have no idea about each other and their doppelganger, but they come into contact, and, in intimate conversations and joint rehearsals via Zoom, a journey of discovery into the connectedness of people emerges, which also touches on themes such as the female psyche and its changes, loneliness and vulnerability. A powerful duet that explores the question: What makes us identify and connect with others and ourselves?<\/span><\/p>\n<p><strong>Author<\/strong>: Tereza Ondrov\u00e1<br \/>\n<strong>Dance<\/strong>: Tereza Ondrov\u00e1, Francesca Foscarini<br \/>\n<strong>Light design<\/strong>: Katarina Mor\u00e1vek \u010euricov\u00e1<br \/>\n<strong>Sound design:<\/strong> Jan \u010ctvrtn\u00edk<br \/>\n<strong>Production<\/strong>: Daniela \u0158eh\u00e1kov\u00e1<br \/>\n<strong>Co-production<\/strong>: Tanec Praha z.\u00fa. \/ TANEC PRAHA Festival<br \/>\n<strong>Supported by<\/strong>: Ministry of Culture of the Czech Republic, State Cultural Fund<br \/>\nof the Czech Republic, City of Prague, Studio ALTA<br \/>\n<strong>Duration<\/strong>: 60 minutes<\/p>\n<p>Tickets can be reserved under <strong>tickets@taupunkt-chemnitz.de<\/strong>.<\/p>\n<p><strong>Image<\/strong>: \u00a9Vojt\u011bch Brtnick\u00fd<\/p>\n<p><img loading=\"lazy\" decoding=\"async\" class=\"alignnone wp-image-7593\" src=\"https:\/\/tanzmodernetanz.eu\/wp-content\/uploads\/2024\/12\/Logo-04.png\" alt=\"\" width=\"207\" height=\"83\" srcset=\"https:\/\/tanzmodernetanz.eu\/wp-content\/uploads\/2024\/12\/Logo-04.png 1000w, https:\/\/tanzmodernetanz.eu\/wp-content\/uploads\/2024\/12\/Logo-04-300x120.png 300w, https:\/\/tanzmodernetanz.eu\/wp-content\/uploads\/2024\/12\/Logo-04-768x307.png 768w, https:\/\/tanzmodernetanz.eu\/wp-content\/uploads\/2024\/12\/Logo-04-230x92.png 230w, https:\/\/tanzmodernetanz.eu\/wp-content\/uploads\/2024\/12\/Logo-04-350x140.png 350w, https:\/\/tanzmodernetanz.eu\/wp-content\/uploads\/2024\/12\/Logo-04-480x192.png 480w\" sizes=\"auto, (max-width: 207px) 100vw, 207px\" \/><img loading=\"lazy\" decoding=\"async\" class=\"alignnone wp-image-8008\" src=\"https:\/\/tanzmodernetanz.eu\/wp-content\/uploads\/2025\/04\/TMT-Logo-2.png\" alt=\"\" width=\"141\" height=\"80\" srcset=\"https:\/\/tanzmodernetanz.eu\/wp-content\/uploads\/2025\/04\/TMT-Logo-2.png 376w, https:\/\/tanzmodernetanz.eu\/wp-content\/uploads\/2025\/04\/TMT-Logo-2-300x171.png 300w, https:\/\/tanzmodernetanz.eu\/wp-content\/uploads\/2025\/04\/TMT-Logo-2-230x131.png 230w, https:\/\/tanzmodernetanz.eu\/wp-content\/uploads\/2025\/04\/TMT-Logo-2-350x199.png 350w\" sizes=\"auto, (max-width: 141px) 100vw, 141px\" \/><\/p>\n<p id=\"block-ac832cf3-445e-40be-a128-67c0a5cad4d0\"><em>Das TANZ | MODERNE | TANZ internationales Festival f\u00fcr zeitgen\u00f6ssischen Tanz 2025 ist\u00a0<strong>Programmpartner von Chemnitz 2025<\/strong>.<\/em><\/p>\n<p><em>Ein Projekt im Rahmen der Kulturhauptstadt Europas Chemnitz 2025. Diese Ma\u00dfnahme wird mitfinanziert durch Steuermittel auf der Grundlage des vom S\u00e4chsischen Landtag beschlossenen Haushaltes und durch Bundesmittel der\u00a0<a href=\"http:\/\/www.kulturstaatsministerin.de\/\">Beauftragten der Bundesregierung f\u00fcr Kultur und Medien.<\/a><\/em><\/p>\n<p><img loading=\"lazy\" decoding=\"async\" class=\"alignnone wp-image-7606\" src=\"https:\/\/tanzmodernetanz.eu\/wp-content\/uploads\/2025\/01\/Logos-Chemnitz2025-2.png\" alt=\"\" width=\"537\" height=\"161\" srcset=\"https:\/\/tanzmodernetanz.eu\/wp-content\/uploads\/2025\/01\/Logos-Chemnitz2025-2.png 5100w, https:\/\/tanzmodernetanz.eu\/wp-content\/uploads\/2025\/01\/Logos-Chemnitz2025-2-300x90.png 300w, https:\/\/tanzmodernetanz.eu\/wp-content\/uploads\/2025\/01\/Logos-Chemnitz2025-2-1024x307.png 1024w, https:\/\/tanzmodernetanz.eu\/wp-content\/uploads\/2025\/01\/Logos-Chemnitz2025-2-768x230.png 768w, https:\/\/tanzmodernetanz.eu\/wp-content\/uploads\/2025\/01\/Logos-Chemnitz2025-2-1536x461.png 1536w, https:\/\/tanzmodernetanz.eu\/wp-content\/uploads\/2025\/01\/Logos-Chemnitz2025-2-2048x614.png 2048w, https:\/\/tanzmodernetanz.eu\/wp-content\/uploads\/2025\/01\/Logos-Chemnitz2025-2-1000x300.png 1000w, https:\/\/tanzmodernetanz.eu\/wp-content\/uploads\/2025\/01\/Logos-Chemnitz2025-2-230x69.png 230w, https:\/\/tanzmodernetanz.eu\/wp-content\/uploads\/2025\/01\/Logos-Chemnitz2025-2-350x105.png 350w, https:\/\/tanzmodernetanz.eu\/wp-content\/uploads\/2025\/01\/Logos-Chemnitz2025-2-480x144.png 480w\" sizes=\"auto, (max-width: 537px) 100vw, 537px\" \/>[:]<\/p>\n","protected":false},"excerpt":{"rendered":"<p>[:de]Entstanden w\u00e4hrend der Pandemie, verbindet die Auff\u00fchrung zwei Frauen, beide T\u00e4nzerinnen, beide im gleichen Alter und mit bemerkenswerter k\u00f6rperlicher \u00c4hnlichkeit. Tereza Ondrov\u00e1 aus Tschechien und Francesca Foscarini aus Italien haben [&hellip;]<\/p>\n","protected":false},"author":4,"featured_media":7769,"template":"","meta":{"_EventAllDay":false,"_EventTimezone":"Europe\/Berlin","_EventStartDate":"2025-06-21 20:00:00","_EventEndDate":"2025-06-21 21:00:00","_EventStartDateUTC":"2025-06-21 18:00:00","_EventEndDateUTC":"2025-06-21 19:00:00","_EventShowMap":true,"_EventShowMapLink":true,"_EventURL":"","_EventCost":"16","_EventCostDescription":"","_EventCurrencySymbol":"\u20ac","_EventCurrencyCode":"","_EventCurrencyPosition":"suffix","_EventDateTimeSeparator":"","_EventTimeRangeSeparator":"","_EventOrganizerID":[],"_EventVenueID":[3741],"_OrganizerEmail":"","_OrganizerPhone":"","_OrganizerWebsite":"","_VenueAddress":"","_VenueCity":"","_VenueCountry":"","_VenueProvince":"","_VenueState":"","_VenueZip":"","_VenuePhone":"","_VenueURL":"","_VenueStateProvince":"","_VenueLat":"","_VenueLng":"","_VenueShowMap":false,"_VenueShowMapLink":false,"_tribe_events_status":"","_tribe_events_status_reason":"","footnotes":""},"tags":[],"tribe_events_cat":[51],"class_list":["post-7768","tribe_events","type-tribe_events","status-publish","has-post-thumbnail","hentry","tribe_events_cat-festival","cat_festival"],"_links":{"self":[{"href":"https:\/\/tanzmodernetanz.eu\/en\/wp-json\/wp\/v2\/tribe_events\/7768","targetHints":{"allow":["GET"]}}],"collection":[{"href":"https:\/\/tanzmodernetanz.eu\/en\/wp-json\/wp\/v2\/tribe_events"}],"about":[{"href":"https:\/\/tanzmodernetanz.eu\/en\/wp-json\/wp\/v2\/types\/tribe_events"}],"author":[{"embeddable":true,"href":"https:\/\/tanzmodernetanz.eu\/en\/wp-json\/wp\/v2\/users\/4"}],"version-history":[{"count":6,"href":"https:\/\/tanzmodernetanz.eu\/en\/wp-json\/wp\/v2\/tribe_events\/7768\/revisions"}],"predecessor-version":[{"id":8045,"href":"https:\/\/tanzmodernetanz.eu\/en\/wp-json\/wp\/v2\/tribe_events\/7768\/revisions\/8045"}],"wp:featuredmedia":[{"embeddable":true,"href":"https:\/\/tanzmodernetanz.eu\/en\/wp-json\/wp\/v2\/media\/7769"}],"wp:attachment":[{"href":"https:\/\/tanzmodernetanz.eu\/en\/wp-json\/wp\/v2\/media?parent=7768"}],"wp:term":[{"taxonomy":"post_tag","embeddable":true,"href":"https:\/\/tanzmodernetanz.eu\/en\/wp-json\/wp\/v2\/tags?post=7768"},{"taxonomy":"tribe_events_cat","embeddable":true,"href":"https:\/\/tanzmodernetanz.eu\/en\/wp-json\/wp\/v2\/tribe_events_cat?post=7768"}],"curies":[{"name":"wp","href":"https:\/\/api.w.org\/{rel}","templated":true}]}}